{"id":2650,"date":"2024-04-29T20:02:44","date_gmt":"2024-04-29T19:02:44","guid":{"rendered":"https:\/\/projetoraiz.pt\/learning-community\/"},"modified":"2024-05-04T22:11:53","modified_gmt":"2024-05-04T21:11:53","slug":"learning-community","status":"publish","type":"page","link":"https:\/\/projetoraiz.pt\/en\/learning-community\/","title":{"rendered":"Learning Community"},"content":{"rendered":"\t\t<div data-elementor-type=\"wp-page\" data-elementor-id=\"2650\" class=\"elementor elementor-2650 elementor-2475\" data-elementor-post-type=\"page\">\n\t\t\t\t\t\t<section class=\"elementor-section elementor-top-section elementor-element elementor-element-1a30250 elementor-section-content-middle elementor-section-height-min-height elementor-section-boxed elementor-section-height-default elementor-section-items-middle wpr-particle-no wpr-jarallax-no wpr-parallax-no wpr-sticky-section-no\" data-id=\"1a30250\" data-element_type=\"section\" data-settings=\"{&quot;background_background&quot;:&quot;classic&quot;}\">\n\t\t\t\t\t\t\t<div class=\"elementor-background-overlay\"><\/div>\n\t\t\t\t\t\t\t<div class=\"elementor-container elementor-column-gap-no\">\n\t\t\t\t\t<div class=\"elementor-column elementor-col-50 elementor-top-column elementor-element elementor-element-80460c4\" data-id=\"80460c4\" data-element_type=\"column\">\n\t\t\t<div class=\"elementor-widget-wrap\">\n\t\t\t\t\t\t\t<\/div>\n\t\t<\/div>\n\t\t\t\t<div class=\"elementor-column elementor-col-50 elementor-top-column elementor-element elementor-element-fa2b0d5\" data-id=\"fa2b0d5\" data-element_type=\"column\">\n\t\t\t<div class=\"elementor-widget-wrap\">\n\t\t\t\t\t\t\t<\/div>\n\t\t<\/div>\n\t\t\t\t\t<\/div>\n\t\t<\/section>\n\t\t\t\t<section class=\"elementor-section elementor-top-section elementor-element elementor-element-3edcc6e elementor-section-boxed elementor-section-height-default elementor-section-height-default wpr-particle-no wpr-jarallax-no wpr-parallax-no wpr-sticky-section-no\" data-id=\"3edcc6e\" data-element_type=\"section\" data-settings=\"{&quot;background_background&quot;:&quot;classic&quot;}\">\n\t\t\t\t\t\t<div class=\"elementor-container elementor-column-gap-no\">\n\t\t\t\t\t<div class=\"elementor-column elementor-col-100 elementor-top-column elementor-element elementor-element-e551105\" data-id=\"e551105\" data-element_type=\"column\">\n\t\t\t<div class=\"elementor-widget-wrap elementor-element-populated\">\n\t\t\t\t\t\t<div class=\"elementor-element elementor-element-dd22ad3 elementor-widget elementor-widget-heading\" data-id=\"dd22ad3\" data-element_type=\"widget\" data-widget_type=\"heading.default\">\n\t\t\t\t<div class=\"elementor-widget-container\">\n\t\t\t\t\t<h4 class=\"elementor-heading-title elementor-size-default\">\"We need to go back to the source, to the ROOT, and the ROOT of human beings is children. \nThe real children who are part of our network, both the children we once were and the children who will be born at any moment.\"<\/h4>\t\t\t\t<\/div>\n\t\t\t\t<\/div>\n\t\t\t\t<div class=\"elementor-element elementor-element-9aca71a elementor-widget elementor-widget-heading\" data-id=\"9aca71a\" data-element_type=\"widget\" data-widget_type=\"heading.default\">\n\t\t\t\t<div class=\"elementor-widget-container\">\n\t\t\t\t\t<h4 class=\"elementor-heading-title elementor-size-default\">Laura Gutman<\/h4>\t\t\t\t<\/div>\n\t\t\t\t<\/div>\n\t\t\t\t\t<\/div>\n\t\t<\/div>\n\t\t\t\t\t<\/div>\n\t\t<\/section>\n\t\t\t\t<section class=\"elementor-section elementor-top-section elementor-element elementor-element-2f10619 elementor-reverse-mobile elementor-section-content-middle elementor-section-boxed elementor-section-height-default elementor-section-height-default wpr-particle-no wpr-jarallax-no wpr-parallax-no wpr-sticky-section-no\" data-id=\"2f10619\" data-element_type=\"section\" data-settings=\"{&quot;background_background&quot;:&quot;classic&quot;}\">\n\t\t\t\t\t\t<div class=\"elementor-container elementor-column-gap-no\">\n\t\t\t\t\t<div class=\"elementor-column elementor-col-50 elementor-top-column elementor-element elementor-element-33a3687\" data-id=\"33a3687\" data-element_type=\"column\" data-settings=\"{&quot;background_background&quot;:&quot;classic&quot;}\">\n\t\t\t<div class=\"elementor-widget-wrap elementor-element-populated\">\n\t\t\t\t\t\t<div class=\"elementor-element elementor-element-89542e1 elementor-widget elementor-widget-heading\" data-id=\"89542e1\" data-element_type=\"widget\" data-widget_type=\"heading.default\">\n\t\t\t\t<div class=\"elementor-widget-container\">\n\t\t\t\t\t<h2 class=\"elementor-heading-title elementor-size-default\">We need to go back to the ROOT of each one of us<\/h2>\t\t\t\t<\/div>\n\t\t\t\t<\/div>\n\t\t\t\t<div class=\"elementor-element elementor-element-8d33e87 elementor-widget elementor-widget-text-editor\" data-id=\"8d33e87\" data-element_type=\"widget\" data-widget_type=\"text-editor.default\">\n\t\t\t\t<div class=\"elementor-widget-container\">\n\t\t\t\t\t\t\t\t\t<p>Since its foundation, one of the main goals of RAIZ&#8217;s work has been to create a calm, safe and happy place where children and their families can truly connect with themselves and each other. <\/p>\n<p>We try to reproduce within our doors what we would like to see mirrored in the world: a society centered on relationships, where children and their needs and well-being occupy the same place of importance as the needs of adults. We understand that it is of the utmost importance to break with the current paradigm of an adult-centric, mechanized, dehumanized society, where time to look at oneself or one&#8217;s family is not seen as a priority. <\/p>\n\t\t\t\t\t\t\t\t<\/div>\n\t\t\t\t<\/div>\n\t\t\t\t<div class=\"elementor-element elementor-element-625d9015 elementor-align-left elementor-widget elementor-widget-button\" data-id=\"625d9015\" data-element_type=\"widget\" data-widget_type=\"button.default\">\n\t\t\t\t<div class=\"elementor-widget-container\">\n\t\t\t\t\t\t\t\t\t<div class=\"elementor-button-wrapper\">\n\t\t\t\t\t<a class=\"elementor-button elementor-button-link elementor-size-sm\" href=\"https:\/\/projetoraiz.pt\/en\/learn-more-about-the-learning-community\/\">\n\t\t\t\t\t\t<span class=\"elementor-button-content-wrapper\">\n\t\t\t\t\t\t\t\t\t<span class=\"elementor-button-text\">Read more<\/span>\n\t\t\t\t\t<\/span>\n\t\t\t\t\t<\/a>\n\t\t\t\t<\/div>\n\t\t\t\t\t\t\t\t<\/div>\n\t\t\t\t<\/div>\n\t\t\t\t\t<\/div>\n\t\t<\/div>\n\t\t\t\t<div class=\"elementor-column elementor-col-50 elementor-top-column elementor-element elementor-element-12d4b37\" data-id=\"12d4b37\" data-element_type=\"column\" data-settings=\"{&quot;background_background&quot;:&quot;classic&quot;}\">\n\t\t\t<div class=\"elementor-widget-wrap elementor-element-populated\">\n\t\t\t\t\t\t<div class=\"elementor-element elementor-element-607396b elementor-widget elementor-widget-image\" data-id=\"607396b\" data-element_type=\"widget\" data-widget_type=\"image.default\">\n\t\t\t\t<div class=\"elementor-widget-container\">\n\t\t\t\t\t\t\t\t\t\t\t\t\t\t\t<img fetchpriority=\"high\" decoding=\"async\" width=\"772\" height=\"1080\" src=\"https:\/\/projetoraiz.pt\/wp-content\/uploads\/2024\/04\/Reconhecendoempe2.jpg\" class=\"attachment-full size-full wp-image-2630\" alt=\"\" srcset=\"https:\/\/projetoraiz.pt\/wp-content\/uploads\/2024\/04\/Reconhecendoempe2.jpg 772w, https:\/\/projetoraiz.pt\/wp-content\/uploads\/2024\/04\/Reconhecendoempe2-214x300.jpg 214w, https:\/\/projetoraiz.pt\/wp-content\/uploads\/2024\/04\/Reconhecendoempe2-732x1024.jpg 732w, https:\/\/projetoraiz.pt\/wp-content\/uploads\/2024\/04\/Reconhecendoempe2-768x1074.jpg 768w\" sizes=\"(max-width: 772px) 100vw, 772px\" \/>\t\t\t\t\t\t\t\t\t\t\t\t\t\t\t<\/div>\n\t\t\t\t<\/div>\n\t\t\t\t\t<\/div>\n\t\t<\/div>\n\t\t\t\t\t<\/div>\n\t\t<\/section>\n\t\t\t\t<section class=\"elementor-section elementor-top-section elementor-element elementor-element-90e7c63 elementor-section-content-middle elementor-section-boxed elementor-section-height-default elementor-section-height-default wpr-particle-no wpr-jarallax-no wpr-parallax-no wpr-sticky-section-no\" data-id=\"90e7c63\" data-element_type=\"section\" data-settings=\"{&quot;background_background&quot;:&quot;classic&quot;}\">\n\t\t\t\t\t\t<div class=\"elementor-container elementor-column-gap-no\">\n\t\t\t\t\t<div class=\"elementor-column elementor-col-50 elementor-top-column elementor-element elementor-element-c62cf18\" data-id=\"c62cf18\" data-element_type=\"column\" data-settings=\"{&quot;background_background&quot;:&quot;classic&quot;}\">\n\t\t\t<div class=\"elementor-widget-wrap elementor-element-populated\">\n\t\t\t\t\t\t<div class=\"elementor-element elementor-element-073c587 elementor-widget elementor-widget-image\" data-id=\"073c587\" data-element_type=\"widget\" data-widget_type=\"image.default\">\n\t\t\t\t<div class=\"elementor-widget-container\">\n\t\t\t\t\t\t\t\t\t\t\t\t\t\t\t<img decoding=\"async\" width=\"772\" height=\"1080\" src=\"https:\/\/projetoraiz.pt\/wp-content\/uploads\/2024\/04\/Reconhecendoempe.jpg\" class=\"attachment-full size-full wp-image-2579\" alt=\"\" srcset=\"https:\/\/projetoraiz.pt\/wp-content\/uploads\/2024\/04\/Reconhecendoempe.jpg 772w, https:\/\/projetoraiz.pt\/wp-content\/uploads\/2024\/04\/Reconhecendoempe-214x300.jpg 214w, https:\/\/projetoraiz.pt\/wp-content\/uploads\/2024\/04\/Reconhecendoempe-732x1024.jpg 732w, https:\/\/projetoraiz.pt\/wp-content\/uploads\/2024\/04\/Reconhecendoempe-768x1074.jpg 768w\" sizes=\"(max-width: 772px) 100vw, 772px\" \/>\t\t\t\t\t\t\t\t\t\t\t\t\t\t\t<\/div>\n\t\t\t\t<\/div>\n\t\t\t\t\t<\/div>\n\t\t<\/div>\n\t\t\t\t<div class=\"elementor-column elementor-col-50 elementor-top-column elementor-element elementor-element-54f058e\" data-id=\"54f058e\" data-element_type=\"column\" data-settings=\"{&quot;background_background&quot;:&quot;classic&quot;}\">\n\t\t\t<div class=\"elementor-widget-wrap elementor-element-populated\">\n\t\t\t\t\t\t<div class=\"elementor-element elementor-element-f8812a7 elementor-widget elementor-widget-heading\" data-id=\"f8812a7\" data-element_type=\"widget\" data-widget_type=\"heading.default\">\n\t\t\t\t<div class=\"elementor-widget-container\">\n\t\t\t\t\t<h2 class=\"elementor-heading-title elementor-size-default\">Recognize our Original Design<\/h2>\t\t\t\t<\/div>\n\t\t\t\t<\/div>\n\t\t\t\t<div class=\"elementor-element elementor-element-fe4e5ea elementor-widget elementor-widget-text-editor\" data-id=\"fe4e5ea\" data-element_type=\"widget\" data-widget_type=\"text-editor.default\">\n\t\t\t\t<div class=\"elementor-widget-container\">\n\t\t\t\t\t\t\t\t\t<p>All of us human beings are born vulnerable, dependent and immature, yet completely connected to our own nature, which is to be deeply loving. We all arrive confident and surrendered to the world, hoping to be loved, seen, cared for and to belong. <\/p>\n<p>If the adult doesn&#8217;t meet the baby&#8217;s\/child&#8217;s needs or meets them in a disorganized or mistaken way, the baby\/child will think it&#8217;s wrong to feel what they feel and will gradually disconnect from their authenticity in order to meet\/satisfy the adult&#8217;s needs. <span style=\"font-style: inherit; font-weight: inherit; color: var(--ast-global-color-3);\">And so the ecological disaster begins: <\/span><span style=\"font-style: inherit; font-weight: inherit; color: var(--ast-global-color-3);\">&#8220;If you treat a child badly, they don&#8217;t stop loving their parents, they stop loving themselves.&#8221; Bert Hellinger<\/span><\/p>\n\t\t\t\t\t\t\t\t<\/div>\n\t\t\t\t<\/div>\n\t\t\t\t<div class=\"elementor-element elementor-element-d6d7625 elementor-align-left elementor-widget elementor-widget-button\" data-id=\"d6d7625\" data-element_type=\"widget\" data-widget_type=\"button.default\">\n\t\t\t\t<div class=\"elementor-widget-container\">\n\t\t\t\t\t\t\t\t\t<div class=\"elementor-button-wrapper\">\n\t\t\t\t\t<a class=\"elementor-button elementor-button-link elementor-size-sm\" href=\"https:\/\/projetoraiz.pt\/en\/learn-more-about-the-learning-community\/\">\n\t\t\t\t\t\t<span class=\"elementor-button-content-wrapper\">\n\t\t\t\t\t\t\t\t\t<span class=\"elementor-button-text\">Read more<\/span>\n\t\t\t\t\t<\/span>\n\t\t\t\t\t<\/a>\n\t\t\t\t<\/div>\n\t\t\t\t\t\t\t\t<\/div>\n\t\t\t\t<\/div>\n\t\t\t\t\t<\/div>\n\t\t<\/div>\n\t\t\t\t\t<\/div>\n\t\t<\/section>\n\t\t\t\t<section class=\"elementor-section elementor-top-section elementor-element elementor-element-14aa252 elementor-reverse-mobile elementor-section-content-middle elementor-section-boxed elementor-section-height-default elementor-section-height-default wpr-particle-no wpr-jarallax-no wpr-parallax-no wpr-sticky-section-no\" data-id=\"14aa252\" data-element_type=\"section\" data-settings=\"{&quot;background_background&quot;:&quot;classic&quot;}\">\n\t\t\t\t\t\t<div class=\"elementor-container elementor-column-gap-no\">\n\t\t\t\t\t<div class=\"elementor-column elementor-col-50 elementor-top-column elementor-element elementor-element-33f4273\" data-id=\"33f4273\" data-element_type=\"column\" data-settings=\"{&quot;background_background&quot;:&quot;classic&quot;}\">\n\t\t\t<div class=\"elementor-widget-wrap elementor-element-populated\">\n\t\t\t\t\t\t<div class=\"elementor-element elementor-element-09b4f65 elementor-widget elementor-widget-heading\" data-id=\"09b4f65\" data-element_type=\"widget\" data-widget_type=\"heading.default\">\n\t\t\t\t<div class=\"elementor-widget-container\">\n\t\t\t\t\t<h2 class=\"elementor-heading-title elementor-size-default\">It's urgent to find a loving place<\/h2>\t\t\t\t<\/div>\n\t\t\t\t<\/div>\n\t\t\t\t<div class=\"elementor-element elementor-element-e0577db elementor-widget elementor-widget-text-editor\" data-id=\"e0577db\" data-element_type=\"widget\" data-widget_type=\"text-editor.default\">\n\t\t\t\t<div class=\"elementor-widget-container\">\n\t\t\t\t\t\t\t\t\t<p><span style=\"color: var(--ast-global-color-3); font-style: inherit; font-weight: inherit;\">If I&#8217;m stressed, the children in my care are guaranteed to be stressed and their needs won&#8217;t be met, because I don&#8217;t even care for myself, feel myself, recognize myself. For there to be a connection, there first needs to be a state of relaxation and for this to happen, there needs to be tranquillity, self-observation and a broadening of our view of childhood. <\/span><\/p>\n<p><span style=\"font-style: inherit; font-weight: inherit; color: var(--ast-global-color-3);\">If we agree to look at children&#8217;s behavior differently, we can see that they are incredibly generous beings who want nothing more than to love us and express that love to us at all times.<\/span><\/p>\n\t\t\t\t\t\t\t\t<\/div>\n\t\t\t\t<\/div>\n\t\t\t\t<div class=\"elementor-element elementor-element-244aa59 elementor-align-left elementor-widget elementor-widget-button\" data-id=\"244aa59\" data-element_type=\"widget\" data-widget_type=\"button.default\">\n\t\t\t\t<div class=\"elementor-widget-container\">\n\t\t\t\t\t\t\t\t\t<div class=\"elementor-button-wrapper\">\n\t\t\t\t\t<a class=\"elementor-button elementor-button-link elementor-size-sm\" href=\"https:\/\/projetoraiz.pt\/en\/learn-more-about-the-learning-community\/\">\n\t\t\t\t\t\t<span class=\"elementor-button-content-wrapper\">\n\t\t\t\t\t\t\t\t\t<span class=\"elementor-button-text\">Read more<\/span>\n\t\t\t\t\t<\/span>\n\t\t\t\t\t<\/a>\n\t\t\t\t<\/div>\n\t\t\t\t\t\t\t\t<\/div>\n\t\t\t\t<\/div>\n\t\t\t\t\t<\/div>\n\t\t<\/div>\n\t\t\t\t<div class=\"elementor-column elementor-col-50 elementor-top-column elementor-element elementor-element-ac8fce8\" data-id=\"ac8fce8\" data-element_type=\"column\" data-settings=\"{&quot;background_background&quot;:&quot;classic&quot;}\">\n\t\t\t<div class=\"elementor-widget-wrap elementor-element-populated\">\n\t\t\t\t\t\t<div class=\"elementor-element elementor-element-069a729 elementor-widget elementor-widget-image\" data-id=\"069a729\" data-element_type=\"widget\" data-widget_type=\"image.default\">\n\t\t\t\t<div class=\"elementor-widget-container\">\n\t\t\t\t\t\t\t\t\t\t\t\t\t\t\t<img decoding=\"async\" width=\"772\" height=\"1080\" src=\"https:\/\/projetoraiz.pt\/wp-content\/uploads\/2024\/04\/Lugar-amoroso.jpg\" class=\"attachment-full size-full wp-image-2581\" alt=\"\" srcset=\"https:\/\/projetoraiz.pt\/wp-content\/uploads\/2024\/04\/Lugar-amoroso.jpg 772w, https:\/\/projetoraiz.pt\/wp-content\/uploads\/2024\/04\/Lugar-amoroso-214x300.jpg 214w, https:\/\/projetoraiz.pt\/wp-content\/uploads\/2024\/04\/Lugar-amoroso-732x1024.jpg 732w, https:\/\/projetoraiz.pt\/wp-content\/uploads\/2024\/04\/Lugar-amoroso-768x1074.jpg 768w\" sizes=\"(max-width: 772px) 100vw, 772px\" \/>\t\t\t\t\t\t\t\t\t\t\t\t\t\t\t<\/div>\n\t\t\t\t<\/div>\n\t\t\t\t\t<\/div>\n\t\t<\/div>\n\t\t\t\t\t<\/div>\n\t\t<\/section>\n\t\t\t\t<section class=\"elementor-section elementor-top-section elementor-element elementor-element-c274daa elementor-section-content-middle elementor-section-boxed elementor-section-height-default elementor-section-height-default wpr-particle-no wpr-jarallax-no wpr-parallax-no wpr-sticky-section-no\" data-id=\"c274daa\" data-element_type=\"section\" data-settings=\"{&quot;background_background&quot;:&quot;classic&quot;}\">\n\t\t\t\t\t\t<div class=\"elementor-container elementor-column-gap-no\">\n\t\t\t\t\t<div class=\"elementor-column elementor-col-50 elementor-top-column elementor-element elementor-element-a868028\" data-id=\"a868028\" data-element_type=\"column\" data-settings=\"{&quot;background_background&quot;:&quot;classic&quot;}\">\n\t\t\t<div class=\"elementor-widget-wrap elementor-element-populated\">\n\t\t\t\t\t\t<div class=\"elementor-element elementor-element-7dca2a2 elementor-widget elementor-widget-image\" data-id=\"7dca2a2\" data-element_type=\"widget\" data-widget_type=\"image.default\">\n\t\t\t\t<div class=\"elementor-widget-container\">\n\t\t\t\t\t\t\t\t\t\t\t\t\t\t\t<img loading=\"lazy\" decoding=\"async\" width=\"772\" height=\"1080\" src=\"https:\/\/projetoraiz.pt\/wp-content\/uploads\/2024\/04\/Remodelar.jpg\" class=\"attachment-full size-full wp-image-2584\" alt=\"\" srcset=\"https:\/\/projetoraiz.pt\/wp-content\/uploads\/2024\/04\/Remodelar.jpg 772w, https:\/\/projetoraiz.pt\/wp-content\/uploads\/2024\/04\/Remodelar-214x300.jpg 214w, https:\/\/projetoraiz.pt\/wp-content\/uploads\/2024\/04\/Remodelar-732x1024.jpg 732w, https:\/\/projetoraiz.pt\/wp-content\/uploads\/2024\/04\/Remodelar-768x1074.jpg 768w\" sizes=\"(max-width: 772px) 100vw, 772px\" \/>\t\t\t\t\t\t\t\t\t\t\t\t\t\t\t<\/div>\n\t\t\t\t<\/div>\n\t\t\t\t\t<\/div>\n\t\t<\/div>\n\t\t\t\t<div class=\"elementor-column elementor-col-50 elementor-top-column elementor-element elementor-element-5a6e631\" data-id=\"5a6e631\" data-element_type=\"column\" data-settings=\"{&quot;background_background&quot;:&quot;classic&quot;}\">\n\t\t\t<div class=\"elementor-widget-wrap elementor-element-populated\">\n\t\t\t\t\t\t<div class=\"elementor-element elementor-element-d7de8de elementor-widget elementor-widget-heading\" data-id=\"d7de8de\" data-element_type=\"widget\" data-widget_type=\"heading.default\">\n\t\t\t\t<div class=\"elementor-widget-container\">\n\t\t\t\t\t<h2 class=\"elementor-heading-title elementor-size-default\">There is an urgent need to reshape education<\/h2>\t\t\t\t<\/div>\n\t\t\t\t<\/div>\n\t\t\t\t<div class=\"elementor-element elementor-element-323e4b7 elementor-widget elementor-widget-text-editor\" data-id=\"323e4b7\" data-element_type=\"widget\" data-widget_type=\"text-editor.default\">\n\t\t\t\t<div class=\"elementor-widget-container\">\n\t\t\t\t\t\t\t\t\t<p><span style=\"font-style: inherit; font-weight: inherit; color: var(--ast-global-color-3);\">Education in Portugal is under threat because it is currently the threat itself and it takes a lot of courage on the part of families and educators to accept this reality. We urgently need to stop the train, go deeper, to the root of the problems, and change this path once and for all, in order to transform educational spaces into places of real learning, joy, tranquillity and safety. <\/span><\/p>\n\t\t\t\t\t\t\t\t<\/div>\n\t\t\t\t<\/div>\n\t\t\t\t<div class=\"elementor-element elementor-element-72aaecd elementor-align-left elementor-widget elementor-widget-button\" data-id=\"72aaecd\" data-element_type=\"widget\" data-widget_type=\"button.default\">\n\t\t\t\t<div class=\"elementor-widget-container\">\n\t\t\t\t\t\t\t\t\t<div class=\"elementor-button-wrapper\">\n\t\t\t\t\t<a class=\"elementor-button elementor-button-link elementor-size-sm\" href=\"https:\/\/projetoraiz.pt\/en\/learn-more-about-the-learning-community\/\">\n\t\t\t\t\t\t<span class=\"elementor-button-content-wrapper\">\n\t\t\t\t\t\t\t\t\t<span class=\"elementor-button-text\">Read more<\/span>\n\t\t\t\t\t<\/span>\n\t\t\t\t\t<\/a>\n\t\t\t\t<\/div>\n\t\t\t\t\t\t\t\t<\/div>\n\t\t\t\t<\/div>\n\t\t\t\t\t<\/div>\n\t\t<\/div>\n\t\t\t\t\t<\/div>\n\t\t<\/section>\n\t\t\t\t<section class=\"elementor-section elementor-top-section elementor-element elementor-element-f2e2062 elementor-reverse-mobile elementor-section-content-middle elementor-section-boxed elementor-section-height-default elementor-section-height-default wpr-particle-no wpr-jarallax-no wpr-parallax-no wpr-sticky-section-no\" data-id=\"f2e2062\" data-element_type=\"section\" data-settings=\"{&quot;background_background&quot;:&quot;classic&quot;}\">\n\t\t\t\t\t\t<div class=\"elementor-container elementor-column-gap-no\">\n\t\t\t\t\t<div class=\"elementor-column elementor-col-50 elementor-top-column elementor-element elementor-element-e16ccc0\" data-id=\"e16ccc0\" data-element_type=\"column\" data-settings=\"{&quot;background_background&quot;:&quot;classic&quot;}\">\n\t\t\t<div class=\"elementor-widget-wrap elementor-element-populated\">\n\t\t\t\t\t\t<div class=\"elementor-element elementor-element-df92b79 elementor-widget elementor-widget-heading\" data-id=\"df92b79\" data-element_type=\"widget\" data-widget_type=\"heading.default\">\n\t\t\t\t<div class=\"elementor-widget-container\">\n\t\t\t\t\t<h2 class=\"elementor-heading-title elementor-size-default\">For a new me, a new us, in a new tomorrow.<\/h2>\t\t\t\t<\/div>\n\t\t\t\t<\/div>\n\t\t\t\t<div class=\"elementor-element elementor-element-696262a elementor-widget elementor-widget-text-editor\" data-id=\"696262a\" data-element_type=\"widget\" data-widget_type=\"text-editor.default\">\n\t\t\t\t<div class=\"elementor-widget-container\">\n\t\t\t\t\t\t\t\t\t<p>The world has changed, but education hasn&#8217;t. Why? <\/p>\n<p>For two centuries, we have been shaping children like herds to memorize instead of learning. Education has stood still and is no longer capable of understanding, motivating and empowering children.<\/p>\n<p>With our eyes set on the future and our sleeves rolled up to help build a more united world, one big family, it is with the Jardim na Floresta Learning Community that we set to work to fulfill our purpose. <\/p>\n\t\t\t\t\t\t\t\t<\/div>\n\t\t\t\t<\/div>\n\t\t\t\t<div class=\"elementor-element elementor-element-2d58615 elementor-align-left elementor-widget elementor-widget-button\" data-id=\"2d58615\" data-element_type=\"widget\" data-widget_type=\"button.default\">\n\t\t\t\t<div class=\"elementor-widget-container\">\n\t\t\t\t\t\t\t\t\t<div class=\"elementor-button-wrapper\">\n\t\t\t\t\t<a class=\"elementor-button elementor-button-link elementor-size-sm\" href=\"https:\/\/projetoraiz.pt\/en\/learn-more-about-the-learning-community\/\">\n\t\t\t\t\t\t<span class=\"elementor-button-content-wrapper\">\n\t\t\t\t\t\t\t\t\t<span class=\"elementor-button-text\">Read more<\/span>\n\t\t\t\t\t<\/span>\n\t\t\t\t\t<\/a>\n\t\t\t\t<\/div>\n\t\t\t\t\t\t\t\t<\/div>\n\t\t\t\t<\/div>\n\t\t\t\t\t<\/div>\n\t\t<\/div>\n\t\t\t\t<div class=\"elementor-column elementor-col-50 elementor-top-column elementor-element elementor-element-0fbc657\" data-id=\"0fbc657\" data-element_type=\"column\" data-settings=\"{&quot;background_background&quot;:&quot;classic&quot;}\">\n\t\t\t<div class=\"elementor-widget-wrap elementor-element-populated\">\n\t\t\t\t\t\t<div class=\"elementor-element elementor-element-e993b91 elementor-widget elementor-widget-image\" data-id=\"e993b91\" data-element_type=\"widget\" data-widget_type=\"image.default\">\n\t\t\t\t<div class=\"elementor-widget-container\">\n\t\t\t\t\t\t\t\t\t\t\t\t\t\t\t<img loading=\"lazy\" decoding=\"async\" width=\"772\" height=\"1080\" src=\"https:\/\/projetoraiz.pt\/wp-content\/uploads\/2024\/04\/por-um-novo.jpg\" class=\"attachment-full size-full wp-image-2586\" alt=\"\" srcset=\"https:\/\/projetoraiz.pt\/wp-content\/uploads\/2024\/04\/por-um-novo.jpg 772w, https:\/\/projetoraiz.pt\/wp-content\/uploads\/2024\/04\/por-um-novo-214x300.jpg 214w, https:\/\/projetoraiz.pt\/wp-content\/uploads\/2024\/04\/por-um-novo-732x1024.jpg 732w, https:\/\/projetoraiz.pt\/wp-content\/uploads\/2024\/04\/por-um-novo-768x1074.jpg 768w\" sizes=\"(max-width: 772px) 100vw, 772px\" \/>\t\t\t\t\t\t\t\t\t\t\t\t\t\t\t<\/div>\n\t\t\t\t<\/div>\n\t\t\t\t\t<\/div>\n\t\t<\/div>\n\t\t\t\t\t<\/div>\n\t\t<\/section>\n\t\t\t\t<section class=\"elementor-section elementor-top-section elementor-element elementor-element-084f668 elementor-reverse-mobile elementor-section-content-middle elementor-section-full_width elementor-section-height-full elementor-section-height-default elementor-section-items-middle wpr-particle-no wpr-jarallax-no wpr-parallax-no wpr-sticky-section-no\" data-id=\"084f668\" data-element_type=\"section\" data-settings=\"{&quot;background_background&quot;:&quot;classic&quot;}\">\n\t\t\t\t\t\t<div class=\"elementor-container elementor-column-gap-no\">\n\t\t\t\t\t<div class=\"elementor-column elementor-col-100 elementor-top-column elementor-element elementor-element-7eb17cc\" data-id=\"7eb17cc\" data-element_type=\"column\">\n\t\t\t<div class=\"elementor-widget-wrap\">\n\t\t\t\t\t\t\t<\/div>\n\t\t<\/div>\n\t\t\t\t\t<\/div>\n\t\t<\/section>\n\t\t\t\t<section class=\"elementor-section elementor-top-section elementor-element elementor-element-afbdde8 elementor-reverse-mobile elementor-section-content-middle elementor-section-boxed elementor-section-height-default elementor-section-height-default wpr-particle-no wpr-jarallax-no wpr-parallax-no wpr-sticky-section-no\" data-id=\"afbdde8\" data-element_type=\"section\" data-settings=\"{&quot;background_background&quot;:&quot;classic&quot;}\">\n\t\t\t\t\t\t<div class=\"elementor-container elementor-column-gap-no\">\n\t\t\t\t\t<div class=\"elementor-column elementor-col-100 elementor-top-column elementor-element elementor-element-9f01b67\" data-id=\"9f01b67\" data-element_type=\"column\" data-settings=\"{&quot;background_background&quot;:&quot;classic&quot;}\">\n\t\t\t<div class=\"elementor-widget-wrap elementor-element-populated\">\n\t\t\t\t\t\t<div class=\"elementor-element elementor-element-9814b34 elementor-widget elementor-widget-heading\" data-id=\"9814b34\" data-element_type=\"widget\" data-widget_type=\"heading.default\">\n\t\t\t\t<div class=\"elementor-widget-container\">\n\t\t\t\t\t<h2 class=\"elementor-heading-title elementor-size-default\">Our proposal<\/h2>\t\t\t\t<\/div>\n\t\t\t\t<\/div>\n\t\t\t\t<div class=\"elementor-element elementor-element-82ed637 elementor-widget elementor-widget-text-editor\" data-id=\"82ed637\" data-element_type=\"widget\" data-widget_type=\"text-editor.default\">\n\t\t\t\t<div class=\"elementor-widget-container\">\n\t\t\t\t\t\t\t\t\t<p><span style=\"font-style: inherit; font-weight: inherit; color: var(--ast-global-color-3);\">A<\/span><span style=\"font-style: inherit; font-weight: inherit; color: var(--ast-global-color-3);\">c<\/span><span style=\"font-style: inherit; font-weight: inherit; color: var(--ast-global-color-3);\">We believe that every place is a place for learning, that we learn and teach all the time, that learning can be joyful, pleasurable and a lot of fun, and that only in this way does it make sense. That&#8217;s why we understand school as a space for learning through play, where the pedagogical objectives and the content to be learned are just a starting point and the path to get there is unique, personalized and in the image and time of each child.\u00a0<\/span><\/p><p>We propose an approach that involves children in an experiential discovery of situations where they are invited to move, think and question themselves about the phenomena of human life and the workings of nature, both inside and out. We propose an educational space that is active, participatory, with a project, involving families and the community, challenging and meaningful for all participants in the process. An educational space that goes far beyond the four walls, a laboratory for curiosity and cooperation, a fascination with knowledge, a willingness to experiment and empowerment to solve challenges and problems. We believe that it is possible to create a magical place that teaches you to think with joy, curiosity and wonder, a place that is based on a horizontal operating logic, where no one is left out and no one is left behind.<\/p><p>We value humanized, democratic, collaborative, free and ecological teaching, in which each child has the opportunity to seek knowledge on their own and produce something new and unique. Teaching that is closely linked to nature, where the natural space becomes the learning environment itself.<br \/>We value a pedagogical approach centered on relationships, secure attachment and the neuroception of security. Learning by doing is our mantra.<\/p><p>\u00a0<\/p><p><b>Let&#8217;s bring the home into the school and the school into the home!<\/b><\/p><p><b>\u00a0<\/b><\/p><p>With our pedagogy, the child:<br \/>&#8211; learn lovingly and safely;<br \/>&#8211; learn by respecting and being respected;<br \/>&#8211; learn anywhere, continuously;<br \/>&#8211; learns with joy and motivation, discovering and thinking about their findings;<br \/>&#8211; learn instead of memorize;<br \/>&#8211; learn, share, question, empower, undertake and explore;<br \/>&#8211; learn other languages;<br \/>&#8211; learn your areas of interest;<br \/>&#8211; learn to their full potential.<\/p><p>\u00a0<\/p><p>The passion for learning will bring to our weekly rhythms workshops in Music, Yoga, Meditation, Cookery, Dramatic Expression, Plastic Expression, among others of interest.<\/p><p>\u00a0<\/p><p>The Pedagogical Project of the Jardim na Floresta Learning Community is based on the open learning model of Professor Jos\u00e9 Pacheco, founder and promoter of Escola da Ponte, in Portugal, and co-founder of Projeto \u00c2ncora, in Brazil, considered one of the most innovative schools in the world; as well as on the principles of Positive Education.<\/p><p><br \/>We will be the first Portuguese educational space with an emphasis on Secure Attachment.<\/p>\t\t\t\t\t\t\t\t<\/div>\n\t\t\t\t<\/div>\n\t\t\t\t<div class=\"elementor-element elementor-element-ce1fc89 elementor-align-left elementor-widget elementor-widget-button\" data-id=\"ce1fc89\" data-element_type=\"widget\" data-widget_type=\"button.default\">\n\t\t\t\t<div class=\"elementor-widget-container\">\n\t\t\t\t\t\t\t\t\t<div class=\"elementor-button-wrapper\">\n\t\t\t\t\t<a class=\"elementor-button elementor-button-link elementor-size-sm\" href=\"https:\/\/projetoraiz.pt\/saiba-mais-sobre-a-comunidade-de-aprendizagem\/\">\n\t\t\t\t\t\t<span class=\"elementor-button-content-wrapper\">\n\t\t\t\t\t\t\t\t\t<span class=\"elementor-button-text\">Read more<\/span>\n\t\t\t\t\t<\/span>\n\t\t\t\t\t<\/a>\n\t\t\t\t<\/div>\n\t\t\t\t\t\t\t\t<\/div>\n\t\t\t\t<\/div>\n\t\t\t\t\t<\/div>\n\t\t<\/div>\n\t\t\t\t\t<\/div>\n\t\t<\/section>\n\t\t\t\t<\/div>\n\t\t","protected":false},"excerpt":{"rendered":"<p>&#8220;We need to go back to the source, to the ROOT, and the ROOT of human beings is children. The real children who are part of our network, both the children we once were and the children who will be born at any moment.&#8221; Laura Gutman We need to go back to the ROOT of each one of us Since its foundation, one of the main goals of RAIZ&#8217;s work has been to create a calm, safe and happy place where children and their families can truly connect with themselves and each other. We try to reproduce within our doors what we would like to see mirrored in the world: a society centered on relationships, where children and their needs and well-being occupy the same place of importance as the needs of adults. We understand that it is of the utmost importance to break with the current paradigm of an adult-centric, mechanized, dehumanized society, where time to look at oneself or one&#8217;s family is not seen as a priority. Read more Recognize our Original Design All of us human beings are born vulnerable, dependent and immature, yet completely connected to our own nature, which is to be deeply loving. We all arrive confident and surrendered to the world, hoping to be loved, seen, cared for and to belong. If the adult doesn&#8217;t meet the baby&#8217;s\/child&#8217;s needs or meets them in a disorganized or mistaken way, the baby\/child will think it&#8217;s wrong to feel what they feel and will gradually disconnect from their authenticity in order to meet\/satisfy the adult&#8217;s needs. And so the ecological disaster begins: &#8220;If you treat a child badly, they don&#8217;t stop loving their parents, they stop loving themselves.&#8221; Bert Hellinger Read more It&#8217;s urgent to find a loving place If I&#8217;m stressed, the children in my care are guaranteed to be stressed and their needs won&#8217;t be met, because I don&#8217;t even care for myself, feel myself, recognize myself. For there to be a connection, there first needs to be a state of relaxation and for this to happen, there needs to be tranquillity, self-observation and a broadening of our view of childhood. If we agree to look at children&#8217;s behavior differently, we can see that they are incredibly generous beings who want nothing more than to love us and express that love to us at all times. Read more There is an urgent need to reshape education Education in Portugal is under threat because it is currently the threat itself and it takes a lot of courage on the part of families and educators to accept this reality. We urgently need to stop the train, go deeper, to the root of the problems, and change this path once and for all, in order to transform educational spaces into places of real learning, joy, tranquillity and safety. Read more For a new me, a new us, in a new tomorrow. The world has changed, but education hasn&#8217;t. Why? For two centuries, we have been shaping children like herds to memorize instead of learning. Education has stood still and is no longer capable of understanding, motivating and empowering children. With our eyes set on the future and our sleeves rolled up to help build a more united world, one big family, it is with the Jardim na Floresta Learning Community that we set to work to fulfill our purpose. Read more Our proposal AcWe believe that every place is a place for learning, that we learn and teach all the time, that learning can be joyful, pleasurable and a lot of fun, and that only in this way does it make sense. That&#8217;s why we understand school as a space for learning through play, where the pedagogical objectives and the content to be learned are just a starting point and the path to get there is unique, personalized and in the image and time of each child.\u00a0 We propose an approach that involves children in an experiential discovery of situations where they are invited to move, think and question themselves about the phenomena of human life and the workings of nature, both inside and out. We propose an educational space that is active, participatory, with a project, involving families and the community, challenging and meaningful for all participants in the process. An educational space that goes far beyond the four walls, a laboratory for curiosity and cooperation, a fascination with knowledge, a willingness to experiment and empowerment to solve challenges and problems. We believe that it is possible to create a magical place that teaches you to think with joy, curiosity and wonder, a place that is based on a horizontal operating logic, where no one is left out and no one is left behind. We value humanized, democratic, collaborative, free and ecological teaching, in which each child has the opportunity to seek knowledge on their own and produce something new and unique. Teaching that is closely linked to nature, where the natural space becomes the learning environment itself.We value a pedagogical approach centered on relationships, secure attachment and the neuroception of security. Learning by doing is our mantra. \u00a0 Let&#8217;s bring the home into the school and the school into the home! \u00a0 With our pedagogy, the child:&#8211; learn lovingly and safely;&#8211; learn by respecting and being respected;&#8211; learn anywhere, continuously;&#8211; learns with joy and motivation, discovering and thinking about their findings;&#8211; learn instead of memorize;&#8211; learn, share, question, empower, undertake and explore;&#8211; learn other languages;&#8211; learn your areas of interest;&#8211; learn to their full potential. \u00a0 The passion for learning will bring to our weekly rhythms workshops in Music, Yoga, Meditation, Cookery, Dramatic Expression, Plastic Expression, among others of interest. \u00a0 The Pedagogical Project of the Jardim na Floresta Learning Community is based on the open learning model of Professor Jos\u00e9 Pacheco, founder and promoter of Escola da Ponte, in Portugal, and co-founder of Projeto \u00c2ncora, in Brazil, considered one of the most innovative schools in the world; as well as on the principles<\/p>\n","protected":false},"author":1,"featured_media":2470,"parent":0,"menu_order":0,"comment_status":"closed","ping_status":"closed","template":"elementor_header_footer","meta":{"site-sidebar-layout":"no-sidebar","site-content-layout":"page-builder","ast-site-content-layout":"full-width-container","site-content-style":"unboxed","site-sidebar-style":"unboxed","ast-global-header-display":"","ast-banner-title-visibility":"","ast-main-header-display":"","ast-hfb-above-header-display":"","ast-hfb-below-header-display":"","ast-hfb-mobile-header-display":"","site-post-title":"disabled","ast-breadcrumbs-content":"","ast-featured-img":"disabled","footer-sml-layout":"","ast-disable-related-posts":"","theme-transparent-header-meta":"enabled","adv-header-id-meta":"","stick-header-meta":"","header-above-stick-meta":"","header-main-stick-meta":"","header-below-stick-meta":"","astra-migrate-meta-layouts":"default","ast-page-background-enabled":"default","ast-page-background-meta":{"desktop":{"background-color":"","background-image":"","background-repeat":"repeat","background-position":"center center","background-size":"auto","background-attachment":"scroll","background-type":"","background-media":"","overlay-type":"","overlay-color":"","overlay-opacity":"","overlay-gradient":""},"tablet":{"background-color":"","background-image":"","background-repeat":"repeat","background-position":"center center","background-size":"auto","background-attachment":"scroll","background-type":"","background-media":"","overlay-type":"","overlay-color":"","overlay-opacity":"","overlay-gradient":""},"mobile":{"background-color":"","background-image":"","background-repeat":"repeat","background-position":"center center","background-size":"auto","background-attachment":"scroll","background-type":"","background-media":"","overlay-type":"","overlay-color":"","overlay-opacity":"","overlay-gradient":""}},"ast-content-background-meta":{"desktop":{"background-color":"var(--ast-global-color-5)","background-image":"","background-repeat":"repeat","background-position":"center center","background-size":"auto","background-attachment":"scroll","background-type":"","background-media":"","overlay-type":"","overlay-color":"","overlay-opacity":"","overlay-gradient":""},"tablet":{"background-color":"var(--ast-global-color-5)","background-image":"","background-repeat":"repeat","background-position":"center center","background-size":"auto","background-attachment":"scroll","background-type":"","background-media":"","overlay-type":"","overlay-color":"","overlay-opacity":"","overlay-gradient":""},"mobile":{"background-color":"var(--ast-global-color-5)","background-image":"","background-repeat":"repeat","background-position":"center center","background-size":"auto","background-attachment":"scroll","background-type":"","background-media":"","overlay-type":"","overlay-color":"","overlay-opacity":"","overlay-gradient":""}},"iawp_total_views":220,"_joinchat":[],"footnotes":""},"class_list":["post-2650","page","type-page","status-publish","has-post-thumbnail","hentry"],"yoast_head":"<!-- This site is optimized with the Yoast SEO plugin v26.8 - https:\/\/yoast.com\/product\/yoast-seo-wordpress\/ -->\n<title>RAIZ Project Innovates Child-Centered Education in Portugal<\/title>\n<meta name=\"description\" content=\"The RAIZ Project in Portugal revolutionizes child-centered education, promoting environments where learning is joyful, collaborative, and deeply connected to nature.\" \/>\n<meta name=\"robots\" content=\"index, follow, max-snippet:-1, max-image-preview:large, max-video-preview:-1\" \/>\n<link rel=\"canonical\" href=\"https:\/\/projetoraiz.pt\/en\/learning-community\/\" \/>\n<meta property=\"og:locale\" content=\"en_US\" \/>\n<meta property=\"og:type\" content=\"article\" \/>\n<meta property=\"og:title\" content=\"RAIZ Project Innovates Child-Centered Education in Portugal\" \/>\n<meta property=\"og:description\" content=\"The RAIZ Project in Portugal revolutionizes child-centered education, promoting environments where learning is joyful, collaborative, and deeply connected to nature.\" \/>\n<meta property=\"og:url\" content=\"https:\/\/projetoraiz.pt\/en\/learning-community\/\" \/>\n<meta property=\"og:site_name\" content=\"Centro de Terapias RAIZ\" \/>\n<meta property=\"article:publisher\" content=\"https:\/\/www.facebook.com\/RAIZyogaeterapias\" \/>\n<meta property=\"article:modified_time\" content=\"2024-05-04T21:11:53+00:00\" \/>\n<meta property=\"og:image\" content=\"https:\/\/projetoraiz.pt\/wp-content\/uploads\/2024\/04\/2.jpg\" \/>\n\t<meta property=\"og:image:width\" content=\"836\" \/>\n\t<meta property=\"og:image:height\" content=\"561\" \/>\n\t<meta property=\"og:image:type\" content=\"image\/jpeg\" \/>\n<meta name=\"twitter:card\" content=\"summary_large_image\" \/>\n<meta name=\"twitter:label1\" content=\"Est. reading time\" \/>\n\t<meta name=\"twitter:data1\" content=\"6 minutes\" \/>\n<script type=\"application\/ld+json\" class=\"yoast-schema-graph\">{\"@context\":\"https:\/\/schema.org\",\"@graph\":[{\"@type\":\"WebPage\",\"@id\":\"https:\/\/projetoraiz.pt\/en\/learning-community\/\",\"url\":\"https:\/\/projetoraiz.pt\/en\/learning-community\/\",\"name\":\"RAIZ Project Innovates Child-Centered Education in Portugal\",\"isPartOf\":{\"@id\":\"https:\/\/projetoraiz.pt\/en\/#website\"},\"primaryImageOfPage\":{\"@id\":\"https:\/\/projetoraiz.pt\/en\/learning-community\/#primaryimage\"},\"image\":{\"@id\":\"https:\/\/projetoraiz.pt\/en\/learning-community\/#primaryimage\"},\"thumbnailUrl\":\"https:\/\/projetoraiz.pt\/wp-content\/uploads\/2024\/04\/2.jpg\",\"datePublished\":\"2024-04-29T19:02:44+00:00\",\"dateModified\":\"2024-05-04T21:11:53+00:00\",\"description\":\"The RAIZ Project in Portugal revolutionizes child-centered education, promoting environments where learning is joyful, collaborative, and deeply connected to nature.\",\"breadcrumb\":{\"@id\":\"https:\/\/projetoraiz.pt\/en\/learning-community\/#breadcrumb\"},\"inLanguage\":\"en-US\",\"potentialAction\":[{\"@type\":\"ReadAction\",\"target\":[\"https:\/\/projetoraiz.pt\/en\/learning-community\/\"]}]},{\"@type\":\"ImageObject\",\"inLanguage\":\"en-US\",\"@id\":\"https:\/\/projetoraiz.pt\/en\/learning-community\/#primaryimage\",\"url\":\"https:\/\/projetoraiz.pt\/wp-content\/uploads\/2024\/04\/2.jpg\",\"contentUrl\":\"https:\/\/projetoraiz.pt\/wp-content\/uploads\/2024\/04\/2.jpg\",\"width\":836,\"height\":561,\"caption\":\"Comunidade de Aprendizagem - Projeto Raiz\"},{\"@type\":\"BreadcrumbList\",\"@id\":\"https:\/\/projetoraiz.pt\/en\/learning-community\/#breadcrumb\",\"itemListElement\":[{\"@type\":\"ListItem\",\"position\":1,\"name\":\"Home\",\"item\":\"https:\/\/projetoraiz.pt\/en\/\"},{\"@type\":\"ListItem\",\"position\":2,\"name\":\"Learning Community\"}]},{\"@type\":\"WebSite\",\"@id\":\"https:\/\/projetoraiz.pt\/en\/#website\",\"url\":\"https:\/\/projetoraiz.pt\/en\/\",\"name\":\"RAIZ - Yoga e Terapias - Gr\u00e2ndola - Melides - Comporta\",\"description\":\"Escola de Yoga - Centro de Terapias - Eventos - Forma\u00e7\u00f5es - Workshops\",\"publisher\":{\"@id\":\"https:\/\/projetoraiz.pt\/en\/#organization\"},\"potentialAction\":[{\"@type\":\"SearchAction\",\"target\":{\"@type\":\"EntryPoint\",\"urlTemplate\":\"https:\/\/projetoraiz.pt\/en\/?s={search_term_string}\"},\"query-input\":{\"@type\":\"PropertyValueSpecification\",\"valueRequired\":true,\"valueName\":\"search_term_string\"}}],\"inLanguage\":\"en-US\"},{\"@type\":\"Organization\",\"@id\":\"https:\/\/projetoraiz.pt\/en\/#organization\",\"name\":\"RAIZ - Yoga e Terapias\",\"url\":\"https:\/\/projetoraiz.pt\/en\/\",\"logo\":{\"@type\":\"ImageObject\",\"inLanguage\":\"en-US\",\"@id\":\"https:\/\/projetoraiz.pt\/en\/#\/schema\/logo\/image\/\",\"url\":\"https:\/\/projetoraiz.pt\/wp-content\/uploads\/2023\/06\/Raiz-Logo-e1687209449304.png\",\"contentUrl\":\"https:\/\/projetoraiz.pt\/wp-content\/uploads\/2023\/06\/Raiz-Logo-e1687209449304.png\",\"width\":180,\"height\":180,\"caption\":\"RAIZ - Yoga e Terapias\"},\"image\":{\"@id\":\"https:\/\/projetoraiz.pt\/en\/#\/schema\/logo\/image\/\"},\"sameAs\":[\"https:\/\/www.facebook.com\/RAIZyogaeterapias\",\"https:\/\/www.instagram.com\/raizyogacomporta\/\"]}]}<\/script>\n<!-- \/ Yoast SEO plugin. -->","yoast_head_json":{"title":"RAIZ Project Innovates Child-Centered Education in Portugal","description":"The RAIZ Project in Portugal revolutionizes child-centered education, promoting environments where learning is joyful, collaborative, and deeply connected to nature.","robots":{"index":"index","follow":"follow","max-snippet":"max-snippet:-1","max-image-preview":"max-image-preview:large","max-video-preview":"max-video-preview:-1"},"canonical":"https:\/\/projetoraiz.pt\/en\/learning-community\/","og_locale":"en_US","og_type":"article","og_title":"RAIZ Project Innovates Child-Centered Education in Portugal","og_description":"The RAIZ Project in Portugal revolutionizes child-centered education, promoting environments where learning is joyful, collaborative, and deeply connected to nature.","og_url":"https:\/\/projetoraiz.pt\/en\/learning-community\/","og_site_name":"Centro de Terapias RAIZ","article_publisher":"https:\/\/www.facebook.com\/RAIZyogaeterapias","article_modified_time":"2024-05-04T21:11:53+00:00","og_image":[{"width":836,"height":561,"url":"https:\/\/projetoraiz.pt\/wp-content\/uploads\/2024\/04\/2.jpg","type":"image\/jpeg"}],"twitter_card":"summary_large_image","twitter_misc":{"Est. reading time":"6 minutes"},"schema":{"@context":"https:\/\/schema.org","@graph":[{"@type":"WebPage","@id":"https:\/\/projetoraiz.pt\/en\/learning-community\/","url":"https:\/\/projetoraiz.pt\/en\/learning-community\/","name":"RAIZ Project Innovates Child-Centered Education in Portugal","isPartOf":{"@id":"https:\/\/projetoraiz.pt\/en\/#website"},"primaryImageOfPage":{"@id":"https:\/\/projetoraiz.pt\/en\/learning-community\/#primaryimage"},"image":{"@id":"https:\/\/projetoraiz.pt\/en\/learning-community\/#primaryimage"},"thumbnailUrl":"https:\/\/projetoraiz.pt\/wp-content\/uploads\/2024\/04\/2.jpg","datePublished":"2024-04-29T19:02:44+00:00","dateModified":"2024-05-04T21:11:53+00:00","description":"The RAIZ Project in Portugal revolutionizes child-centered education, promoting environments where learning is joyful, collaborative, and deeply connected to nature.","breadcrumb":{"@id":"https:\/\/projetoraiz.pt\/en\/learning-community\/#breadcrumb"},"inLanguage":"en-US","potentialAction":[{"@type":"ReadAction","target":["https:\/\/projetoraiz.pt\/en\/learning-community\/"]}]},{"@type":"ImageObject","inLanguage":"en-US","@id":"https:\/\/projetoraiz.pt\/en\/learning-community\/#primaryimage","url":"https:\/\/projetoraiz.pt\/wp-content\/uploads\/2024\/04\/2.jpg","contentUrl":"https:\/\/projetoraiz.pt\/wp-content\/uploads\/2024\/04\/2.jpg","width":836,"height":561,"caption":"Comunidade de Aprendizagem - Projeto Raiz"},{"@type":"BreadcrumbList","@id":"https:\/\/projetoraiz.pt\/en\/learning-community\/#breadcrumb","itemListElement":[{"@type":"ListItem","position":1,"name":"Home","item":"https:\/\/projetoraiz.pt\/en\/"},{"@type":"ListItem","position":2,"name":"Learning Community"}]},{"@type":"WebSite","@id":"https:\/\/projetoraiz.pt\/en\/#website","url":"https:\/\/projetoraiz.pt\/en\/","name":"RAIZ - Yoga e Terapias - Gr\u00e2ndola - Melides - Comporta","description":"Escola de Yoga - Centro de Terapias - Eventos - Forma\u00e7\u00f5es - Workshops","publisher":{"@id":"https:\/\/projetoraiz.pt\/en\/#organization"},"potentialAction":[{"@type":"SearchAction","target":{"@type":"EntryPoint","urlTemplate":"https:\/\/projetoraiz.pt\/en\/?s={search_term_string}"},"query-input":{"@type":"PropertyValueSpecification","valueRequired":true,"valueName":"search_term_string"}}],"inLanguage":"en-US"},{"@type":"Organization","@id":"https:\/\/projetoraiz.pt\/en\/#organization","name":"RAIZ - Yoga e Terapias","url":"https:\/\/projetoraiz.pt\/en\/","logo":{"@type":"ImageObject","inLanguage":"en-US","@id":"https:\/\/projetoraiz.pt\/en\/#\/schema\/logo\/image\/","url":"https:\/\/projetoraiz.pt\/wp-content\/uploads\/2023\/06\/Raiz-Logo-e1687209449304.png","contentUrl":"https:\/\/projetoraiz.pt\/wp-content\/uploads\/2023\/06\/Raiz-Logo-e1687209449304.png","width":180,"height":180,"caption":"RAIZ - Yoga e Terapias"},"image":{"@id":"https:\/\/projetoraiz.pt\/en\/#\/schema\/logo\/image\/"},"sameAs":["https:\/\/www.facebook.com\/RAIZyogaeterapias","https:\/\/www.instagram.com\/raizyogacomporta\/"]}]}},"_links":{"self":[{"href":"https:\/\/projetoraiz.pt\/en\/wp-json\/wp\/v2\/pages\/2650","targetHints":{"allow":["GET"]}}],"collection":[{"href":"https:\/\/projetoraiz.pt\/en\/wp-json\/wp\/v2\/pages"}],"about":[{"href":"https:\/\/projetoraiz.pt\/en\/wp-json\/wp\/v2\/types\/page"}],"author":[{"embeddable":true,"href":"https:\/\/projetoraiz.pt\/en\/wp-json\/wp\/v2\/users\/1"}],"replies":[{"embeddable":true,"href":"https:\/\/projetoraiz.pt\/en\/wp-json\/wp\/v2\/comments?post=2650"}],"version-history":[{"count":6,"href":"https:\/\/projetoraiz.pt\/en\/wp-json\/wp\/v2\/pages\/2650\/revisions"}],"predecessor-version":[{"id":2757,"href":"https:\/\/projetoraiz.pt\/en\/wp-json\/wp\/v2\/pages\/2650\/revisions\/2757"}],"wp:featuredmedia":[{"embeddable":true,"href":"https:\/\/projetoraiz.pt\/en\/wp-json\/wp\/v2\/media\/2470"}],"wp:attachment":[{"href":"https:\/\/projetoraiz.pt\/en\/wp-json\/wp\/v2\/media?parent=2650"}],"curies":[{"name":"wp","href":"https:\/\/api.w.org\/{rel}","templated":true}]}}